{"id":3019,"date":"2026-09-05T09:34:16","date_gmt":"2026-09-05T09:34:16","guid":{"rendered":"https:\/\/gabarro.eu\/eurometal\/"},"modified":"2026-09-05T09:34:16","modified_gmt":"2026-09-05T09:34:16","slug":"eurometal","status":"publish","type":"page","link":"https:\/\/gabarro.eu\/fr\/eurometal\/","title":{"rendered":"EUROMETAL"},"content":{"rendered":"<p>[vc_row bg_type=\u00a0\u00bbbg_color\u00a0\u00bb bg_override=\u00a0\u00bbex-full\u00a0\u00bb bg_color_value=\u00a0\u00bb#ffffff\u00a0\u00bb css=\u00a0\u00bb.vc_custom_1523537221030{padding-top: 50px !important;padding-bottom: 30px !important;}\u00a0\u00bb][vc_column][vc_column_text]<\/p>\n<h1 style=\"text-align: left;\"><span style=\"color: #154ea1;\">L\u2019Europe doit agir maintenant pour sauver son industrie<\/span><\/h1>\n<h1 style=\"text-align: left;\"><span style=\"color: #154ea1;\">L\u2019Europe doit prot\u00e9ger l\u2019ensemble de la cha\u00eene de valeur industrielle d\u00e8s le premier jour<\/span><\/h1>\n<p>[\/vc_column_text][vc_separator][vc_column_text]<strong>Gabarr\u00f3<\/strong> exprime son soutien \u00e0 l\u2019initiative port\u00e9e par EUROMETAL visant \u00e0 faire comprendre aux institutions europ\u00e9ennes la n\u00e9cessit\u00e9 de renforcer la comp\u00e9titivit\u00e9 de l\u2019industrie manufacturi\u00e8re en Europe.<\/p>\n<p><strong>L\u2019industrie europ\u00e9enne a besoin<\/strong> d\u2019une politique coh\u00e9rente qui <strong>prot\u00e8ge<\/strong> non seulement les producteurs d\u2019acier, mais aussi l\u2019ensemble de la <strong>cha\u00eene de valeur en aval<\/strong> : transformateurs, fabricants de composants, distributeurs et entreprises industrielles qui transforment l\u2019acier en produits essentiels pour la construction, l\u2019automobile, l\u2019\u00e9nergie, l\u2019agriculture et l\u2019industrie en g\u00e9n\u00e9ral.<\/p>\n<p><strong>L\u2019industrie europ\u00e9enne de transformation a besoin de conditions de concurrence \u00e9quitables d\u00e8s maintenant<\/strong>. D\u00e8s la premi\u00e8re minute. Pas dans deux ans. Pas apr\u00e8s la fermeture des usines. Pas apr\u00e8s le transfert des investissements vers d\u2019autres continents. Pas apr\u00e8s la disparition d\u2019emplois qui seront extr\u00eamement difficiles \u00e0 recr\u00e9er.<\/p>\n<p><strong>Alors que les entreprises europ\u00e9ennes supportent des co\u00fbts \u00e9lev\u00e9s<\/strong> en mati\u00e8re d\u2019\u00e9nergie, de r\u00e9glementation et d\u2019environnement, <strong>elles continuent de concurrencer des produits import\u00e9s<\/strong> qui ne sont pas soumis aux m\u00eames exigences. Cette situation cr\u00e9e <strong>des conditions de concurrence d\u00e9s\u00e9quilibr\u00e9es<\/strong> qui acc\u00e9l\u00e8rent la perte d\u2019activit\u00e9 industrielle au sein de l\u2019Union europ\u00e9enne. Chaque mois de retard dans la mise en \u0153uvre de mesures efficaces se traduit par davantage de fermetures, une baisse des investissements et de nouvelles pertes d\u2019emplois.<\/p>\n<p>Il n\u2019est pas logique de prot\u00e9ger la production d\u2019acier tout en laissant sans protection ceux qui le transforment.<\/p>\n<p>Si nous voulons pr\u00e9server une base industrielle forte en Europe, nous devons prot\u00e9ger l\u2019ensemble de la cha\u00eene de valeur d\u00e8s maintenant, et non lorsqu\u2019il sera trop tard.<\/p>\n<p><strong>Sans action imm\u00e9diate, de nombreuses industries europ\u00e9ennes n\u2019auront plus d\u2019avenir<\/strong> lorsque les mesures entreront enfin en vigueur.[\/vc_column_text][\/vc_column][\/vc_row]<\/p>\n","protected":false},"excerpt":{"rendered":"<p>[vc_row bg_type=\u00a0\u00bbbg_color\u00a0\u00bb bg_override=\u00a0\u00bbex-full\u00a0\u00bb bg_color_value=\u00a0\u00bb#ffffff\u00a0\u00bb css=\u00a0\u00bb.vc_custom_1523537221030{padding-top: 50px !important;padding-bottom: 30px !important;}\u00a0\u00bb][vc_column][vc_column_text] L\u2019Europe doit agir maintenant pour sauver son industrie L\u2019Europe doit prot\u00e9ger l\u2019ensemble de la cha\u00eene de valeur industrielle d\u00e8s le premier jour [\/vc_column_text][vc_separator][vc_column_text]Gabarr\u00f3 exprime son soutien \u00e0 l\u2019initiative port\u00e9e par EUROMETAL visant \u00e0 faire comprendre aux institutions europ\u00e9ennes la n\u00e9cessit\u00e9 de renforcer la comp\u00e9titivit\u00e9 de l\u2019industrie&hellip;<\/p>\n","protected":false},"author":1,"featured_media":0,"parent":0,"menu_order":0,"comment_status":"closed","ping_status":"closed","template":"","meta":{"footnotes":""},"aioseo_notices":[],"_links":{"self":[{"href":"https:\/\/gabarro.eu\/fr\/wp-json\/wp\/v2\/pages\/3019"}],"collection":[{"href":"https:\/\/gabarro.eu\/fr\/wp-json\/wp\/v2\/pages"}],"about":[{"href":"https:\/\/gabarro.eu\/fr\/wp-json\/wp\/v2\/types\/page"}],"author":[{"embeddable":true,"href":"https:\/\/gabarro.eu\/fr\/wp-json\/wp\/v2\/users\/1"}],"replies":[{"embeddable":true,"href":"https:\/\/gabarro.eu\/fr\/wp-json\/wp\/v2\/comments?post=3019"}],"version-history":[{"count":2,"href":"https:\/\/gabarro.eu\/fr\/wp-json\/wp\/v2\/pages\/3019\/revisions"}],"predecessor-version":[{"id":3021,"href":"https:\/\/gabarro.eu\/fr\/wp-json\/wp\/v2\/pages\/3019\/revisions\/3021"}],"wp:attachment":[{"href":"https:\/\/gabarro.eu\/fr\/wp-json\/wp\/v2\/media?parent=3019"}],"curies":[{"name":"wp","href":"https:\/\/api.w.org\/{rel}","templated":true}]}}